{"id":160,"date":"2026-02-15T22:39:00","date_gmt":"2026-02-15T22:39:00","guid":{"rendered":"https:\/\/kristianstadpride.se\/?page_id=160"},"modified":"2026-02-15T22:39:01","modified_gmt":"2026-02-15T22:39:01","slug":"vardegrund","status":"publish","type":"page","link":"https:\/\/kristianstadpride.se\/en\/vardegrund\/","title":{"rendered":"V\u00e4rdegrund"},"content":{"rendered":"<p><\/p>\n\n\n\n<p>Kristianstad Pride riktar sig till alla som identifierar sig med och visar respekt f\u00f6r den kultur som vuxit fram ur homosexuellas, bisexuellas, transpersoners, queeras och intersexpersoners livserfarenheter. Evenemanget \u00e4r frist\u00e5ende fr\u00e5n partipolitik och religion.<\/p>\n\n\n\n<p>Kristianstad Pride verkar f\u00f6r att f\u00f6rb\u00e4ttra hbtq+-personers livsvillkor och st\u00e4rka deras r\u00e4ttigheter. En viktig del av arbetet \u00e4r att synligg\u00f6ra b\u00e5de heteronormen och cisnormen, samt hbtq+-personer i samh\u00e4llet som helhet.<\/p>\n\n\n\n<p>Ambitionen \u00e4r att Kristianstad Pride ska vara en \u00f6ppen och inkluderande m\u00f6tesplats.<br>Detta \u00e4r s\u00e4rskilt betydelsefullt f\u00f6r hbtq+-personer som inte alltid m\u00f6ter acceptans eller trygghet i sin n\u00e4rmilj\u00f6 eller p\u00e5 sina arbetsplatser. D\u00e4rf\u00f6r samarbetar vi endast med organisationer, f\u00f6reningar eller f\u00f6retag som st\u00e5r bakom Kristianstad Prides grundl\u00e4ggande v\u00e4rderingar.&nbsp;<\/p>\n\n\n\n<p>Det \u00e4r Kristianstad Prides arbetsgrupp som tar beslut om vilka som \u00e4r v\u00e4lkomna att samarbeta med oss. Arbetsgruppen best\u00e5r bland annat av representanter fr\u00e5n RFSL Kristianstad, ABF \u00d6stra Sk\u00e5ne, Regnb\u00e5gstr\u00e4ffar Kristianstad samt privatpersoner.<\/p>\n\n\n\n<p>All verksamhet inom Kristianstad Pride tar sin utg\u00e5ngspunkt i f\u00f6ljande principer:<\/p>\n\n\n\n<p><strong>Alla m\u00e4nniskors lika r\u00e4ttigheter<br><\/strong>Vi f\u00f6rsvarar allas r\u00e4tt att leva ett tryggt liv utan begr\u00e4nsningar eller kr\u00e4nkningar, oavsett sexualitet, relationsform, k\u00f6nsidentitet eller k\u00f6nsuttryck.<\/p>\n\n\n\n<p><strong>Erk\u00e4nnande av hbtqia+-personers r\u00e4ttigheter<br><\/strong>V\u00e5r ambition \u00e4r att hbtqia+-personers r\u00e4ttigheter fullt ut ska erk\u00e4nnas, respekteras och efterlevas i samh\u00e4llet.<\/p>\n\n\n\n<p><strong>Mot diskriminering \u2013 f\u00f6r allas lika v\u00e4rde<br><\/strong>Vi tar tydligt avst\u00e5nd fr\u00e5n alla former av diskriminering.<br>Detta inneb\u00e4r att Kristianstad Pride inte samarbetar med f\u00f6retag, organisationer \u2013 politiska s\u00e5v\u00e4l som obundna \u2013 eller privatpersoner som oss veterligen agerar i strid med v\u00e5r v\u00e4rdegrund. Vi f\u00f6rbeh\u00e5ller oss r\u00e4tten att avsluta ett eventuellt samarbete ifall v\u00e4rdegrunden inte efterlevs och eventuell erlagd paradkostnad \u00e5terbetalas ej.<\/p>\n\n\n\n<p><strong>Samarbete och inkludering<br><\/strong>Vi efterstr\u00e4var ett brett och inkluderande arbetss\u00e4tt och samarbetar g\u00e4rna med f\u00f6reningar och organisationer som delar v\u00e5r v\u00e4rdegrund.&nbsp;<\/p>","protected":false},"excerpt":{"rendered":"<p>Kristianstad Pride riktar sig till alla som identifierar sig med och visar respekt f\u00f6r den kultur som vuxit fram ur homosexuellas, bisexuellas, transpersoners, queeras och intersexpersoners livserfarenheter. Evenemanget \u00e4r frist\u00e5ende [&hellip;]<\/p>\n","protected":false},"author":1,"featured_media":0,"parent":0,"menu_order":0,"comment_status":"closed","ping_status":"closed","template":"page-with-title","meta":{"_monsterinsights_skip_tracking":false,"_monsterinsights_sitenote_active":false,"_monsterinsights_sitenote_note":"","_monsterinsights_sitenote_category":0,"_price":"","_stock":"","_tribe_ticket_header":"","_tribe_default_ticket_provider":"","_tribe_ticket_capacity":"","_ticket_start_date":"","_ticket_end_date":"","_tribe_ticket_show_description":"","_tribe_ticket_show_not_going":false,"_tribe_ticket_use_global_stock":"","_tribe_ticket_global_stock_level":"","_global_stock_mode":"","_global_stock_cap":"","_tribe_rsvp_for_event":"","_tribe_ticket_going_count":"","_tribe_ticket_not_going_count":"","_tribe_tickets_list":"[]","_tribe_ticket_has_attendee_info_fields":false,"_EventAllDay":false,"_EventTimezone":"","_EventStartDate":"","_EventEndDate":"","_EventStartDateUTC":"","_EventEndDateUTC":"","_EventShowMap":false,"_EventShowMapLink":false,"_EventURL":"","_EventCost":"","_EventCostDescription":"","_EventCurrencySymbol":"","_EventCurrencyCode":"","_EventCurrencyPosition":"","_EventDateTimeSeparator":"","_EventTimeRangeSeparator":"","_EventOrganizerID":[],"_EventVenueID":[],"_OrganizerEmail":"","_OrganizerPhone":"","_OrganizerWebsite":"","_VenueAddress":"","_VenueCity":"","_VenueCountry":"","_VenueProvince":"","_VenueState":"","_VenueZip":"","_VenuePhone":"","_VenueURL":"","_VenueStateProvince":"","_VenueLat":"","_VenueLng":"","_VenueShowMap":false,"_VenueShowMapLink":false,"footnotes":""},"class_list":["post-160","page","type-page","status-publish","hentry"],"aioseo_notices":[],"_links":{"self":[{"href":"https:\/\/kristianstadpride.se\/en\/wp-json\/wp\/v2\/pages\/160","targetHints":{"allow":["GET"]}}],"collection":[{"href":"https:\/\/kristianstadpride.se\/en\/wp-json\/wp\/v2\/pages"}],"about":[{"href":"https:\/\/kristianstadpride.se\/en\/wp-json\/wp\/v2\/types\/page"}],"author":[{"embeddable":true,"href":"https:\/\/kristianstadpride.se\/en\/wp-json\/wp\/v2\/users\/1"}],"replies":[{"embeddable":true,"href":"https:\/\/kristianstadpride.se\/en\/wp-json\/wp\/v2\/comments?post=160"}],"version-history":[{"count":1,"href":"https:\/\/kristianstadpride.se\/en\/wp-json\/wp\/v2\/pages\/160\/revisions"}],"predecessor-version":[{"id":164,"href":"https:\/\/kristianstadpride.se\/en\/wp-json\/wp\/v2\/pages\/160\/revisions\/164"}],"wp:attachment":[{"href":"https:\/\/kristianstadpride.se\/en\/wp-json\/wp\/v2\/media?parent=160"}],"curies":[{"name":"wp","href":"https:\/\/api.w.org\/{rel}","templated":true}]}}