{"id":35,"date":"2026-01-19T18:34:22","date_gmt":"2026-01-19T18:34:22","guid":{"rendered":"https:\/\/kristianstadpride.se\/tjanster\/"},"modified":"2026-04-22T08:24:28","modified_gmt":"2026-04-22T08:24:28","slug":"program","status":"publish","type":"page","link":"https:\/\/kristianstadpride.se\/en\/program\/","title":{"rendered":"Program Pride 2026"},"content":{"rendered":"\n<div class=\"wp-block-group alignfull is-style-ext-preset--group--natural-1--section has-background-background-color has-background has-global-padding is-layout-constrained wp-container-core-group-is-layout-e955bbaf wp-block-group-is-layout-constrained\" id=\"tjanster\" style=\"margin-top:0;margin-bottom:0;padding-top:var(--wp--preset--spacing--70);padding-bottom:var(--wp--preset--spacing--70)\">\n<div class=\"wp-block-group alignwide is-vertical is-layout-flex wp-container-core-group-is-layout-c35747d5 wp-block-group-is-layout-flex\">\n<div class=\"wp-block-group has-global-padding is-layout-constrained wp-container-core-group-is-layout-5e05634a wp-block-group-is-layout-constrained\">\n<h2 class=\"wp-block-heading\">Program f\u00f6r Prideveckan<\/h2>\n\n\n\n<h5 class=\"wp-block-heading\">Barbacka Pre-Pride<\/h5>\n\n\n\n<p><strong>Datum:<\/strong> L\u00f6rdag 23 maj<br><strong>Tid:<\/strong> 11.00-14.00&nbsp;<br><strong>Plats: <\/strong>Kabinettet &amp; Atelj\u00e9n p\u00e5 Kulturhuset Barbacka<br><strong>\u00c5ldersgr\u00e4ns:<\/strong> 13 &#8211; 20 \u00e5r<br><strong>Pedagoger:<\/strong> Tove M\u00f6ller &amp; Emma Ekstam<br>Kom och g\u00f6r din egen Pride-Vimpel eller Pride-Armband till Prideparaden. Konstpedagogerna Emma &amp; Tove finns p\u00e5 plats f\u00f6r att hj\u00e4lpa dig. N\u00e5gra av arrang\u00f6rerna f\u00f6r Pride finns ocks\u00e5 p\u00e5 plats.<\/p>\n\n\n\n<hr class=\"wp-block-separator has-alpha-channel-opacity\"\/>\n<\/div>\n\n\n\n<h5 class=\"wp-block-heading\">Loui SAND &#8211; mITT LIV \u00c4GER INGEN<\/h5>\n\n\n\n<div class=\"wp-block-media-text is-stacked-on-mobile\" style=\"grid-template-columns:17% auto\"><figure class=\"wp-block-media-text__media\"><img loading=\"lazy\" decoding=\"async\" width=\"819\" height=\"1024\" src=\"https:\/\/kristianstadpride.se\/wp-content\/uploads\/2026\/04\/forelasning_Loui_Sand-1-819x1024.png\" alt=\"\" class=\"wp-image-299 size-full\" srcset=\"https:\/\/kristianstadpride.se\/wp-content\/uploads\/2026\/04\/forelasning_Loui_Sand-1-819x1024.png 819w, https:\/\/kristianstadpride.se\/wp-content\/uploads\/2026\/04\/forelasning_Loui_Sand-1-240x300.png 240w, https:\/\/kristianstadpride.se\/wp-content\/uploads\/2026\/04\/forelasning_Loui_Sand-1-768x960.png 768w, https:\/\/kristianstadpride.se\/wp-content\/uploads\/2026\/04\/forelasning_Loui_Sand-1-10x12.png 10w, https:\/\/kristianstadpride.se\/wp-content\/uploads\/2026\/04\/forelasning_Loui_Sand-1.png 1002w\" sizes=\"auto, (max-width: 819px) 100vw, 819px\" \/><\/figure><div class=\"wp-block-media-text__content\">\n<p><strong>S\u00f6ndag 24 maj<br>Tid: <\/strong>15-17:30 (D\u00f6rrarna st\u00e4ngs 14:45)<br><strong>Plats:<\/strong> Kongresshallen\/Biljardkompaniet<br>(OBS! Ing\u00e5ng vid Yllans stora entr\u00e9, V\u00e4verigatan 6<br><strong>Anm\u00e4lan:<\/strong> <a href=\"https:\/\/kristianstadpride.se\/boka-dina-biljetter-har\/\" target=\"_blank\" rel=\"noopener\" title=\"Boka dina biljetter h\u00e4r!\">Boka din plats h\u00e4r!<\/a><br>F\u00f6rel\u00e4sningen kostar inget men f\u00f6r att s\u00e4kra din plats s\u00e5 rekommenderar vi att du bokar plats. Drop-in sker i m\u00e5n av plats.\u00a0<\/p>\n<\/div><\/div>\n\n\n\n<details class=\"wp-block-details is-layout-flow wp-block-details-is-layout-flow\"><summary>F\u00f6rel\u00e4sning med Loui Sand<br>Under Prideveckan i Kristianstad bjuder vi in till en stark och ber\u00f6rande f\u00f6rel\u00e4sning med Loui Sand. Loui delar sin resa fr\u00e5n identitetskris till att hitta styrkan att vara sig sj\u00e4lv \u2013 b\u00e5de i livet och inom handbollen.<\/summary>\n<p>I sina f\u00f6rel\u00e4sningar delar han med sig av sin personliga resa, fr\u00e5n att k\u00e4mpa med identitetskris till att hitta styrkan att genomf\u00f6ra en k\u00f6nskorrigering och forts\u00e4tta sin karri\u00e4r inom handbollen. Genom att \u00f6ppet dela med sig av sina erfarenheter och utmaningar, inspirerar Loui andra att vara sanna mot sig sj\u00e4lva och f\u00f6lja sina dr\u00f6mmar, oavsett hinder som kan uppst\u00e5 p\u00e5 v\u00e4gen.<br>Hans ber\u00e4ttelse om mod, uth\u00e5llighet och sj\u00e4lvacceptans ber\u00f6r och motiverar m\u00e4nniskor att omfamna sin egen sanning och f\u00f6lja sina hj\u00e4rtan.<\/p>\n\n\n\n<p><strong>\u00c5ldersgr\u00e4ns: <\/strong>13 \u00e5r<br><strong>Tillg\u00e4nglighet:<\/strong> Rullstolsv\u00e4nligt, v\u00e4nligen ange behov i anm\u00e4lan samt att eventuell ledsagare bokar separat, har du andra behov v\u00e4nligen kontakta oss f\u00f6r fr\u00e5gor.<br><strong>\u00d6vrigt:<\/strong> Fika finns till f\u00f6rs\u00e4ljning.<\/p>\n\n\n\n<p><\/p>\n<\/details>\n\n\n\n<hr class=\"wp-block-separator has-alpha-channel-opacity\"\/>\n\n\n\n<h5 class=\"wp-block-heading\">\u201dHBTQ-skildringar p\u00e5 gott och ont i filmhistorien \u2013 fr\u00e5n stumfilmen till v\u00e5ra dagar.\u201d<\/h5>\n\n\n\n<div class=\"wp-block-media-text is-stacked-on-mobile\" style=\"grid-template-columns:28% auto\"><figure class=\"wp-block-media-text__media\"><img loading=\"lazy\" decoding=\"async\" width=\"741\" height=\"566\" src=\"https:\/\/kristianstadpride.se\/wp-content\/uploads\/2026\/04\/Lasse_Walldov.png\" alt=\"\" class=\"wp-image-303 size-full\" srcset=\"https:\/\/kristianstadpride.se\/wp-content\/uploads\/2026\/04\/Lasse_Walldov.png 741w, https:\/\/kristianstadpride.se\/wp-content\/uploads\/2026\/04\/Lasse_Walldov-300x229.png 300w, https:\/\/kristianstadpride.se\/wp-content\/uploads\/2026\/04\/Lasse_Walldov-16x12.png 16w\" sizes=\"auto, (max-width: 741px) 100vw, 741px\" \/><\/figure><div class=\"wp-block-media-text__content\">\n<p><strong>Tisdag 26 maj<br>Tid:<\/strong> 19-21:30<br><strong>Plats:<\/strong> Biljardkompaniet<br><strong>Medverkande:<\/strong> Lasse Walldov<br><strong>Anm\u00e4lan:<\/strong> <a href=\"https:\/\/kristianstadpride.se\/boka-dina-biljetter-har\/\" target=\"_blank\" rel=\"noopener\" title=\"Boka dina biljetter h\u00e4r!\">Boka din plats h\u00e4r!<\/a><br>F\u00f6rel\u00e4sningen kostar inget men f\u00f6r att s\u00e4kra din plats s\u00e5 rekommenderar vi att du bokar plats. Drop-in sker i m\u00e5n av plats.\u00a0<\/p>\n<\/div><\/div>\n\n\n\n<details class=\"wp-block-details is-layout-flow wp-block-details-is-layout-flow\"><summary>Lazze Walldov l\u00e4mnar denna g\u00e5ng teaterv\u00e4rlden f\u00f6r att ist\u00e4llet sprida vita dukens magi. <\/summary>\n<p>Med hj\u00e4lp av sin och makens stora filmsamling, visar och kommenterar han massor av skr\u00e4mmande, roliga, tragiska och v\u00e4rmande filmscener. Med start i stumfilmseran och fram till v\u00e5r digitala tid blir det tillf\u00e4llen att reflektera \u00f6ver hur filmindustrin p\u00e5verkat den stora biopublikens \u00e5sikter om allt HBTQ-relaterat \u2013 p\u00e5 gott och ont.&nbsp;<br><strong>Tillg\u00e4nglighet:<\/strong> Rullstolsv\u00e4nligt, v\u00e4nligen ange behov i anm\u00e4lan samt att eventuell ledsagare bokar separat, har du andra behov v\u00e4nligen kontakta oss f\u00f6r fr\u00e5gor.<br><strong>\u00d6vrigt:<\/strong> Biljardkompaniet har dryckesservering \u00f6ppen.<\/p>\n<\/details>\n\n\n\n<hr class=\"wp-block-separator has-alpha-channel-opacity\"\/>\n\n\n\n<h5 class=\"wp-block-heading\">Malakai O&#8217;Darc l\u00e4ser sin poesi &amp; ber\u00e4ttar om sitt skrivande<\/h5>\n\n\n\n<div class=\"wp-block-media-text is-stacked-on-mobile\" style=\"grid-template-columns:35% auto\"><figure class=\"wp-block-media-text__media\"><img loading=\"lazy\" decoding=\"async\" width=\"489\" height=\"621\" src=\"https:\/\/kristianstadpride.se\/wp-content\/uploads\/2026\/04\/Malakai-ODarc.png\" alt=\"\" class=\"wp-image-310 size-full\" srcset=\"https:\/\/kristianstadpride.se\/wp-content\/uploads\/2026\/04\/Malakai-ODarc.png 489w, https:\/\/kristianstadpride.se\/wp-content\/uploads\/2026\/04\/Malakai-ODarc-236x300.png 236w, https:\/\/kristianstadpride.se\/wp-content\/uploads\/2026\/04\/Malakai-ODarc-9x12.png 9w\" sizes=\"auto, (max-width: 489px) 100vw, 489px\" \/><\/figure><div class=\"wp-block-media-text__content\">\n<p><strong>Onsdag 27 maj<br>Tid:<\/strong> 18:00, varar i ca 45 min<br><strong>Plats:<\/strong> Stadsbiblioteket Kristianstad<br><strong>Anm\u00e4lan<\/strong>: Drop-in<\/p>\n<\/div><\/div>\n\n\n\n<details class=\"wp-block-details is-layout-flow wp-block-details-is-layout-flow\"><summary>Poet och musiker fr\u00e5n Kristianstad l\u00e4ser sina egna alster.<\/summary>\n<p><strong>Tillg\u00e4nglighet:<\/strong> Rullstolsv\u00e4nligt, har du andra behov v\u00e4nligen kontakta oss f\u00f6r fr\u00e5gor.<\/p>\n<\/details>\n\n\n\n<hr class=\"wp-block-separator has-alpha-channel-opacity\"\/>\n\n\n\n<h5 class=\"wp-block-heading\">Positiva Gruppen Syd &#8211; HIV, b\u00e5de d\u00e5 och nu<\/h5>\n\n\n\n<div class=\"wp-block-media-text is-stacked-on-mobile\" style=\"grid-template-columns:22% auto\"><figure class=\"wp-block-media-text__media\"><img loading=\"lazy\" decoding=\"async\" width=\"337\" height=\"330\" src=\"https:\/\/kristianstadpride.se\/wp-content\/uploads\/2026\/04\/talare_pos_gruppen.png\" alt=\"\" class=\"wp-image-337 size-full\" srcset=\"https:\/\/kristianstadpride.se\/wp-content\/uploads\/2026\/04\/talare_pos_gruppen.png 337w, https:\/\/kristianstadpride.se\/wp-content\/uploads\/2026\/04\/talare_pos_gruppen-300x294.png 300w, https:\/\/kristianstadpride.se\/wp-content\/uploads\/2026\/04\/talare_pos_gruppen-12x12.png 12w\" sizes=\"auto, (max-width: 337px) 100vw, 337px\" \/><\/figure><div class=\"wp-block-media-text__content\">\n<div class=\"wp-block-group is-nowrap is-layout-flex wp-container-core-group-is-layout-6c531013 wp-block-group-is-layout-flex\">\n<p><strong>Torsdag 28 maj<\/strong><br><strong>Tid: <\/strong>18:00 &#8211; ca 19:30<br><strong>Plats:<\/strong> Kristianstad Regionmus\u00e9um<br><strong>Anm\u00e4lan:<\/strong> <a href=\"https:\/\/kristianstadpride.se\/boka-dina-biljetter-har\/\" target=\"_blank\" rel=\"noopener\" title=\"Boka dina biljetter h\u00e4r!\">Boka din plats h\u00e4r!<\/a><br>F\u00f6rel\u00e4sningen kostar inget men f\u00f6r att s\u00e4kra din plats s\u00e5 rekommenderar vi att du bokar plats. Drop-in sker i m\u00e5n av plats.\u00a0<\/p>\n\n\n\n<figure class=\"wp-block-image size-full is-resized\"><img loading=\"lazy\" decoding=\"async\" width=\"353\" height=\"358\" src=\"https:\/\/kristianstadpride.se\/wp-content\/uploads\/2026\/04\/positiva-gruppen.png\" alt=\"\" class=\"wp-image-314\" style=\"width:308px;height:auto\" srcset=\"https:\/\/kristianstadpride.se\/wp-content\/uploads\/2026\/04\/positiva-gruppen.png 353w, https:\/\/kristianstadpride.se\/wp-content\/uploads\/2026\/04\/positiva-gruppen-296x300.png 296w, https:\/\/kristianstadpride.se\/wp-content\/uploads\/2026\/04\/positiva-gruppen-12x12.png 12w\" sizes=\"auto, (max-width: 353px) 100vw, 353px\" \/><\/figure>\n<\/div>\n<\/div><\/div>\n\n\n\n<details class=\"wp-block-details is-layout-flow wp-block-details-is-layout-flow\"><summary>Positiva Gruppen Syd kommer till Kristianstads Pride! Vill du veta mer om HIV, b\u00e5de d\u00e5 och nu?<\/summary>\n<p>Under Pride kommer vi att h\u00e5lla en presentation d\u00e4r vi lyfter HIV:s historia, men ocks\u00e5 delar med oss av hur det \u00e4r att leva med hiv idag. Ta chansen att f\u00e5 ny kunskap, st\u00e4lla fr\u00e5gor och bidra till att bryta stigma.<br>Positiva Gruppen Syd grundades 1987 och arbetar f\u00f6r att f\u00f6rb\u00e4ttra livskvaliteten f\u00f6r personer som lever med HIV och deras n\u00e4rst\u00e5ende. Vi \u00e4r baserade i Malm\u00f6, men v\u00e5rt arbete str\u00e4cker sig \u00f6ver hela s\u00f6dra Sverige.<br>Varmt v\u00e4lkommen att lyssna, l\u00e4ra och samtala med oss!<br><strong>Tillg\u00e4nglighet:<\/strong>  Rullstolsv\u00e4nligt, v\u00e4nligen ange behov i anm\u00e4lan samt att eventuell ledsagare bokar separat, har du andra behov v\u00e4nligen kontakta oss f\u00f6r fr\u00e5gor.<\/p>\n<\/details>\n\n\n\n<hr class=\"wp-block-separator has-alpha-channel-opacity\"\/>\n\n\n\n<h5 class=\"wp-block-heading\">Ann-Christine Ruuth &#8211; <strong>&nbsp;<\/strong>Man, kvinna och allt d\u00e4remellan<\/h5>\n\n\n\n<div class=\"wp-block-media-text is-stacked-on-mobile\" style=\"grid-template-columns:22% auto\"><figure class=\"wp-block-media-text__media\"><img loading=\"lazy\" decoding=\"async\" width=\"404\" height=\"526\" src=\"https:\/\/kristianstadpride.se\/wp-content\/uploads\/2026\/04\/Ann-Christine_Ruuth.png\" alt=\"\" class=\"wp-image-317 size-full\" srcset=\"https:\/\/kristianstadpride.se\/wp-content\/uploads\/2026\/04\/Ann-Christine_Ruuth.png 404w, https:\/\/kristianstadpride.se\/wp-content\/uploads\/2026\/04\/Ann-Christine_Ruuth-230x300.png 230w, https:\/\/kristianstadpride.se\/wp-content\/uploads\/2026\/04\/Ann-Christine_Ruuth-9x12.png 9w\" sizes=\"auto, (max-width: 404px) 100vw, 404px\" \/><\/figure><div class=\"wp-block-media-text__content\">\n<p><strong>Fredag 29 maj<\/strong><br><strong>Tid: <\/strong>18:00 &#8211; ca 20:00<br><strong>Plats:<\/strong> \u00a0Heliga Trefaldighets Kyrka<br>Fotograf: Nille Leander<br><strong>Anm\u00e4lan:<\/strong> <a href=\"https:\/\/kristianstadpride.se\/boka-dina-biljetter-har\/\" target=\"_blank\" rel=\"noopener\" title=\"Boka dina biljetter h\u00e4r!\">Boka din plats h\u00e4r!<\/a><br>F\u00f6rel\u00e4sningen kostar inget men f\u00f6r att s\u00e4kra din plats s\u00e5 rekommenderar vi att du bokar plats. Drop-in sker i m\u00e5n av plats.\u00a0<\/p>\n<\/div><\/div>\n\n\n\n<details class=\"wp-block-details is-layout-flow wp-block-details-is-layout-flow\"><summary>Ann-Christine Ruuth \u00e4r en av Sveriges mest v\u00e4lk\u00e4nda transpersoner. Hon \u00e4r ocks\u00e5 en mycket uppskattad f\u00f6rel\u00e4sare som i m\u00e5nga \u00e5r lockat lyssnare \u00f6ver hela landet. Extra k\u00e4nd har hon blivit genom filmen \u201dMin pappa Marianne\u201d som \u00e4r inspirerad av hennes liv.&nbsp;<strong>Nu kommer hon till Kristianstad!&nbsp;<\/strong><\/summary>\n<p>Vad \u00e4r en transperson? Kan man byta k\u00f6n? Hur m\u00e5nga k\u00f6n finns det egentligen? Ska transkvinnor f\u00e5 t\u00e4vla mot andra kvinnor? Kan man vara kristen och trans? Det h\u00e4r \u00e4r bara n\u00e5gra fr\u00e5gor som Ann-Christine kommer att tala om. Och s\u00e5 kommer hon f\u00f6rst\u00e5s att ber\u00e4tta om v\u00e4gen till Ann-Christine. Hur \u00e4r det att leva som kvinna efter att ha levt ett halvsekel som man?&nbsp;<br><strong>Tillg\u00e4nglighet:<\/strong> Rullstolsv\u00e4nligt, v\u00e4nligen ange behov i anm\u00e4lan samt att eventuell ledsagare bokar separat, har du andra behov v\u00e4nligen kontakta oss f\u00f6r fr\u00e5gor.<\/p>\n<\/details>\n\n\n\n<hr class=\"wp-block-separator has-alpha-channel-opacity\"\/>\n\n\n\n<h5 class=\"wp-block-heading\">Prideparad!<\/h5>\n\n\n\n<div class=\"wp-block-media-text is-stacked-on-mobile is-vertically-aligned-top\" style=\"grid-template-columns:22% auto\"><figure class=\"wp-block-media-text__media\"><img loading=\"lazy\" decoding=\"async\" width=\"1024\" height=\"1024\" src=\"https:\/\/kristianstadpride.se\/wp-content\/uploads\/2026\/04\/image.jpg\" alt=\"\" class=\"wp-image-335 size-full\" srcset=\"https:\/\/kristianstadpride.se\/wp-content\/uploads\/2026\/04\/image.jpg 1024w, https:\/\/kristianstadpride.se\/wp-content\/uploads\/2026\/04\/image-300x300.jpg 300w, https:\/\/kristianstadpride.se\/wp-content\/uploads\/2026\/04\/image-150x150.jpg 150w, https:\/\/kristianstadpride.se\/wp-content\/uploads\/2026\/04\/image-768x768.jpg 768w, https:\/\/kristianstadpride.se\/wp-content\/uploads\/2026\/04\/image-12x12.jpg 12w\" sizes=\"auto, (max-width: 1024px) 100vw, 1024px\" \/><\/figure><div class=\"wp-block-media-text__content\">\n<div class=\"wp-block-group is-nowrap is-layout-flex wp-container-core-group-is-layout-6c531013 wp-block-group-is-layout-flex\">\n<p><strong>L\u00f6rdag 30 maj<\/strong><br>11.30 SAMLING Arenan, f\u00f6r organisationer &amp; volont\u00e4rer<br>12.00 SAMLING Arenan, f\u00f6r privatpersoner<br>12.30 Parad Avg\u00e5ng fr\u00e5n Arenan<br>13.15 ca Paraden anl\u00e4nder till Lilla torg&nbsp;<br>13.30 &#8211; 16.30 Pridegatan med aktiviteter f\u00f6r barn &amp; unga av Kulturhuset Barbacka, Kristianstad Fritidsg\u00e5rdsforum och Stadsbiblioteket Kristianstad.<\/p>\n<\/div>\n<\/div><\/div>\n\n\n\n<details class=\"wp-block-details is-layout-flow wp-block-details-is-layout-flow\"><summary><strong>Mer information om Prideparad&nbsp;&nbsp;<\/strong><\/summary>\n<p><strong>PRIDEPARADEN l\u00f6rdag 30 maj<br><\/strong>11.30 SAMLING Arenan, f\u00f6r organisationer &amp; volont\u00e4rer<br>12.00 SAMLING Arenan, f\u00f6r privatpersoner<br>12.30 Parad Avg\u00e5ng fr\u00e5n Arenan<br>13.15 ca Paraden anl\u00e4nder till Lilla torg&nbsp;<br>13.30 &#8211; 16.30 Pridegatan med aktiviteter f\u00f6r barn &amp; unga av Kulturhuset Barbacka, Kristianstad Fritidsg\u00e5rdsforum och Stadsbiblioteket Kristianstad.<\/p>\n\n\n\n<p>14.00 &#8211; 15.00 Lilla Torg:&nbsp; Malm\u00f6 Opera p\u00e5 lastbil med Rickard S\u00f6derberg och v\u00e4nner: BRAVISSIMO! Se mer info p\u00e5 Kristianstad Teaterf\u00f6renings hemsida<br><a href=\"https:\/\/www.riksteatern.se\/forening\/kristianstads-teaterforening---en-del-av-riksteatern\/\" target=\"_blank\" rel=\"noopener\" title=\"\">Scenkonst som s\u00e4tter tankar och k\u00e4nslor i r\u00f6relse | Kristianstads Teaterf\u00f6rening \u2013 en del av Riksteatern<\/a><\/p>\n<\/details>\n\n\n\n<hr class=\"wp-block-separator has-alpha-channel-opacity\"\/>\n\n\n\n<h5 class=\"wp-block-heading\">PRIDE PARTY!<\/h5>\n\n\n\n<div class=\"wp-block-media-text is-stacked-on-mobile\" style=\"grid-template-columns:22% auto\"><figure class=\"wp-block-media-text__media\"><img loading=\"lazy\" decoding=\"async\" width=\"527\" height=\"518\" src=\"https:\/\/kristianstadpride.se\/wp-content\/uploads\/2026\/04\/Klubb_Tondov.png\" alt=\"\" class=\"wp-image-320 size-full\" srcset=\"https:\/\/kristianstadpride.se\/wp-content\/uploads\/2026\/04\/Klubb_Tondov.png 527w, https:\/\/kristianstadpride.se\/wp-content\/uploads\/2026\/04\/Klubb_Tondov-300x295.png 300w, https:\/\/kristianstadpride.se\/wp-content\/uploads\/2026\/04\/Klubb_Tondov-12x12.png 12w\" sizes=\"auto, (max-width: 527px) 100vw, 527px\" \/><\/figure><div class=\"wp-block-media-text__content\">\n<div class=\"wp-block-group is-nowrap is-layout-flex wp-container-core-group-is-layout-6c531013 wp-block-group-is-layout-flex\">\n<p><strong>L\u00f6rdag 30 maj<\/strong><br><strong>Tid: <\/strong>21:00- 02:00<br><strong>Plats:<\/strong> Biljardkompaniet<br><strong>Medverkande: <\/strong>Old Carters Memory Lane, Klubb Tond\u00f6v &amp; DJ Mohannad<br><strong>\u00c5ldersgr\u00e4ns: <\/strong>18 \u00e5r<br><strong>Anm\u00e4lan:<\/strong> Biljardkompaniet kommer att s\u00e4lja biljetter via Tickster. Kostnad 100kr<\/p>\n\n\n\n<figure class=\"wp-block-image size-full is-resized\"><img loading=\"lazy\" decoding=\"async\" width=\"561\" height=\"572\" src=\"https:\/\/kristianstadpride.se\/wp-content\/uploads\/2026\/04\/Old-Carters-Memory-Lane-1.png\" alt=\"\" class=\"wp-image-326\" style=\"width:308px;height:auto\" srcset=\"https:\/\/kristianstadpride.se\/wp-content\/uploads\/2026\/04\/Old-Carters-Memory-Lane-1.png 561w, https:\/\/kristianstadpride.se\/wp-content\/uploads\/2026\/04\/Old-Carters-Memory-Lane-1-294x300.png 294w, https:\/\/kristianstadpride.se\/wp-content\/uploads\/2026\/04\/Old-Carters-Memory-Lane-1-12x12.png 12w\" sizes=\"auto, (max-width: 561px) 100vw, 561px\" \/><\/figure>\n<\/div>\n<\/div><\/div>\n\n\n\n<details class=\"wp-block-details is-layout-flow wp-block-details-is-layout-flow\"><summary><strong>Old Carters Memory Lane och Klubb Tond\u00f6v&nbsp;&nbsp;<\/strong><\/summary>\n<p><strong>Klubb Tond\u00f6v <\/strong>(Malm\u00f6) g\u00e4star Kristianstad pride! Med sin orubbliga tro p\u00e5 att alla som vill kan sjunga, hittar du denna kv\u00e4ll Klubb Tond\u00f6v i den bjussiga karaokeh\u00f6rnan. V\u00e4lj ur ett hav av l\u00e5tar, sjung solo eller ta en duett med en v\u00e4n &#8211; sjung, skr\u00e5la, skratta \u2013 eller bara var med!<\/p>\n\n\n\n<p><strong>Old Carters Memory Lane<\/strong><br>Vi \u00e4r ett band som bildades sommaren 2021 av Elliot H\u00e5kansson och Leo Tornbjer. Efter ett flertal medlemsbyten och intensivt l\u00e5tskrivande samlades den nuvarande lineuppen f\u00f6r att ta sig an de f\u00f6rsta livesammanhangen, och har sedan dess spelat runt om i Sk\u00e5ne och Blekinge p\u00e5 s\u00e5v\u00e4l sm\u00e5 pubar som etablerade konsertlokaler. Bandet bjuder p\u00e5 en eklektisk blandning av ungdomlig l\u00e4ngtan, nostalgi, tunga riffs och sing-along melodier. Detta uttryck erh\u00e5lls utav inspiration fr\u00e5n tidiga Bowie, Dinosaur Jr, Peach Pit och or\u00e4kneligt m\u00e5nga fler. Ett spektakel som INTE f\u00e5r missas!<\/p>\n<\/details>\n<\/div>\n\n\n\n<div  class=\"tribe-compatibility-container\" >\n\t<div\n\t\t class=\"tribe-common tribe-events tribe-events-view tribe-events-view--widget-events-list tribe-events-widget\" \t\tdata-js=\"tribe-events-view\"\n\t\tdata-view-rest-url=\"https:\/\/kristianstadpride.se\/en\/wp-json\/tribe\/views\/v2\/html\"\n\t\tdata-view-manage-url=\"1\"\n\t\t\t\t\t\t\tdata-view-breakpoint-pointer=\"68dea237-c3e3-4fc1-a462-6c85457e42a7\"\n\t\t\t>\n\t\t<div class=\"tribe-events-widget-events-list\">\n\n\t\t\t\n\t\t\t<script data-js=\"tribe-events-view-data\" type=\"application\/json\">\n\t{\"slug\":\"widget-events-list\",\"prev_url\":\"\",\"next_url\":\"\",\"view_class\":\"Tribe\\\\Events\\\\Views\\\\V2\\\\Views\\\\Widgets\\\\Widget_List_View\",\"view_slug\":\"widget-events-list\",\"view_label\":\"View\",\"view\":null,\"should_manage_url\":true,\"id\":null,\"alias-slugs\":null,\"title\":\"Events from April 26 \\u2013 May 29 \\u2013 Kristianstad Pride\",\"limit\":\"5\",\"no_upcoming_events\":false,\"featured_events_only\":false,\"jsonld_enable\":false,\"tribe_is_list_widget\":false,\"admin_fields\":{\"title\":{\"label\":\"Title:\",\"type\":\"text\",\"parent_classes\":\"\",\"classes\":\"\",\"dependency\":\"\",\"id\":\"widget-tribe-widget-events-list--1-title\",\"name\":\"widget-tribe-widget-events-list[-1][title]\",\"options\":[],\"placeholder\":\"\",\"value\":null},\"limit\":{\"label\":\"Show:\",\"type\":\"number\",\"default\":5,\"min\":1,\"max\":10,\"step\":1,\"parent_classes\":\"\",\"classes\":\"\",\"dependency\":\"\",\"id\":\"widget-tribe-widget-events-list--1-limit\",\"name\":\"widget-tribe-widget-events-list[-1][limit]\",\"options\":[],\"placeholder\":\"\",\"value\":null},\"no_upcoming_events\":{\"label\":\"Hide this widget if there are no upcoming events.\",\"type\":\"checkbox\",\"parent_classes\":\"\",\"classes\":\"\",\"dependency\":\"\",\"id\":\"widget-tribe-widget-events-list--1-no_upcoming_events\",\"name\":\"widget-tribe-widget-events-list[-1][no_upcoming_events]\",\"options\":[],\"placeholder\":\"\",\"value\":null},\"featured_events_only\":{\"label\":\"Limit to featured events only\",\"type\":\"checkbox\",\"parent_classes\":\"\",\"classes\":\"\",\"dependency\":\"\",\"id\":\"widget-tribe-widget-events-list--1-featured_events_only\",\"name\":\"widget-tribe-widget-events-list[-1][featured_events_only]\",\"options\":[],\"placeholder\":\"\",\"value\":null},\"jsonld_enable\":{\"label\":\"Generate JSON-LD data\",\"type\":\"checkbox\",\"parent_classes\":\"\",\"classes\":\"\",\"dependency\":\"\",\"id\":\"widget-tribe-widget-events-list--1-jsonld_enable\",\"name\":\"widget-tribe-widget-events-list[-1][jsonld_enable]\",\"options\":[],\"placeholder\":\"\",\"value\":null}},\"events\":[395,403,408,412],\"url\":\"https:\\\/\\\/kristianstadpride.se\\\/en\\\/?post_type=tribe_events&eventDisplay=widget-events-list\",\"url_event_date\":false,\"bar\":{\"keyword\":\"\",\"date\":\"\"},\"today\":\"2026-04-26 00:00:00\",\"now\":\"2026-04-26 13:38:16\",\"home_url\":\"https:\\\/\\\/kristianstadpride.se\\\/en\",\"rest_url\":\"https:\\\/\\\/kristianstadpride.se\\\/en\\\/wp-json\\\/tribe\\\/views\\\/v2\\\/html\",\"rest_method\":\"GET\",\"rest_nonce\":\"\",\"today_url\":\"https:\\\/\\\/kristianstadpride.se\\\/en\\\/?post_type=tribe_events&eventDisplay=widget-events-list&rest_route=%2Fwp%2Fv2%2Fpages%2F35\",\"today_title\":\"Click to select today's date\",\"today_label\":\"Today\",\"prev_label\":\"\",\"next_label\":\"\",\"date_formats\":{\"compact\":\"Y-m-d\",\"month_and_year_compact\":\"Y-m\",\"month_and_year\":\"F Y\",\"time_range_separator\":\" - \",\"date_time_separator\":\" @ \"},\"messages\":[],\"start_of_week\":\"1\",\"header_title\":\"\",\"header_title_element\":\"h1\",\"content_title\":\"\",\"show_content_title\":false,\"breadcrumbs\":[],\"backlink\":false,\"before_events\":\"\",\"after_events\":\"\\n<!--\\nThis calendar is powered by The Events Calendar.\\nhttp:\\\/\\\/evnt.is\\\/18wn\\n-->\\n\",\"display_events_bar\":false,\"disable_event_search\":true,\"live_refresh\":true,\"ical\":{\"display_link\":true,\"link\":{\"url\":\"https:\\\/\\\/kristianstadpride.se\\\/en\\\/?post_type=tribe_events&#038;eventDisplay=widget-events-list&#038;ical=1\",\"text\":\"Export Events\",\"title\":\"Use this to share calendar data with Google Calendar, Apple iCal and other compatible apps\"}},\"container_classes\":[\"tribe-common\",\"tribe-events\",\"tribe-events-view\",\"tribe-events-view--widget-events-list\",\"tribe-events-widget\"],\"container_data\":[],\"is_past\":false,\"breakpoints\":{\"xsmall\":500,\"medium\":768,\"full\":960},\"breakpoint_pointer\":\"68dea237-c3e3-4fc1-a462-6c85457e42a7\",\"is_initial_load\":false,\"public_views\":{\"list\":{\"view_class\":\"Tribe\\\\Events\\\\Views\\\\V2\\\\Views\\\\List_View\",\"view_url\":\"https:\\\/\\\/kristianstadpride.se\\\/en\\\/events\\\/(\\\/?:list|lista)\\\/\",\"view_label\":\"List\",\"aria_label\":\"Display Events in List View\"},\"day\":{\"view_class\":\"Tribe\\\\Events\\\\Views\\\\V2\\\\Views\\\\Day_View\",\"view_url\":\"https:\\\/\\\/kristianstadpride.se\\\/en\\\/events\\\/(\\\/?:today|idag)\\\/\",\"view_label\":\"Day\",\"aria_label\":\"Display Events in Day View\"}},\"show_latest_past\":false,\"past\":false,\"compatibility_classes\":[\"tribe-compatibility-container\"],\"view_more_text\":\"View Calendar\",\"view_more_title\":\"View more events.\",\"view_more_link\":\"https:\\\/\\\/kristianstadpride.se\\\/en\\\/events\\\/\",\"widget_title\":\"Kommande evenemang\",\"hide_if_no_upcoming_events\":false,\"display\":[],\"subscribe_links\":{\"gcal\":{\"label\":\"Google Calendar\",\"single_label\":\"Add to Google Calendar\",\"visible\":true,\"block_slug\":\"hasGoogleCalendar\"},\"ical\":{\"label\":\"iCalendar\",\"single_label\":\"Add to iCalendar\",\"visible\":true,\"block_slug\":\"hasiCal\"},\"outlook-365\":{\"label\":\"Outlook 365\",\"single_label\":\"Outlook 365\",\"visible\":true,\"block_slug\":\"hasOutlook365\"},\"outlook-live\":{\"label\":\"Outlook Live\",\"single_label\":\"Outlook Live\",\"visible\":true,\"block_slug\":\"hasOutlookLive\"},\"ics\":{\"label\":\"Export .ics file\",\"single_label\":\"Export .ics file\",\"visible\":true,\"block_slug\":null},\"outlook-ics\":{\"label\":\"Export Outlook .ics file\",\"single_label\":\"Export Outlook .ics file\",\"visible\":true,\"block_slug\":null}},\"_context\":{\"slug\":\"widget-events-list\"}}<\/script>\n\n\t\t\t\t\t\t\t<header class=\"tribe-events-widget-events-list__header\">\n\t\t\t\t\t<h2 class=\"tribe-events-widget-events-list__header-title tribe-common-h6 tribe-common-h--alt\">\n\t\t\t\t\t\tKommande evenemang\t\t\t\t\t<\/h2>\n\t\t\t\t<\/header>\n\t\t\t\n\t\t\t\n\t\t\t\t<div class=\"tribe-events-widget-events-list__events\">\n\t\t\t\t\t\t\t\t\t\t\t<div  class=\"tribe-common-g-row tribe-events-widget-events-list__event-row\" >\n\n\t<div class=\"tribe-events-widget-events-list__event-date-tag tribe-common-g-col\">\n\t<time class=\"tribe-events-widget-events-list__event-date-tag-datetime\" datetime=\"2026-05-24\">\n\t\t<span class=\"tribe-events-widget-events-list__event-date-tag-month\">\n\t\t\tMay\t\t<\/span>\n\t\t<span class=\"tribe-events-widget-events-list__event-date-tag-daynum tribe-common-h2 tribe-common-h4--min-medium\">\n\t\t\t24\t\t<\/span>\n\t<\/time>\n<\/div>\n\n\t<div class=\"tribe-events-widget-events-list__event-wrapper tribe-common-g-col\">\n\t\t<article  class=\"tribe-events-widget-events-list__event post-395 tribe_events type-tribe_events status-publish hentry\" >\n\t\t\t<div class=\"tribe-events-widget-events-list__event-details\">\n\n\t\t\t\t<header class=\"tribe-events-widget-events-list__event-header\">\n\t\t\t\t\t<div class=\"tribe-events-widget-events-list__event-datetime-wrapper tribe-common-b2 tribe-common-b3--min-medium\">\n\t\t<time class=\"tribe-events-widget-events-list__event-datetime\" datetime=\"2026-05-24\">\n\t\t<span class=\"tribe-event-date-start\">15:00<\/span> &#8211; <span class=\"tribe-event-time\">17:30<\/span>\t<\/time>\n\t<\/div>\n\t\t\t\t\t<h3 class=\"tribe-events-widget-events-list__event-title tribe-common-h7\">\n\t<a\n\t\thref=\"https:\/\/kristianstadpride.se\/en\/event\/forelasning-mig-ager-ingen-med-loui-sand\/\"\n\t\ttitle=\"F\u00f6rel\u00e4sning &#8221;Mig \u00e4ger ingen&#8221; med Loui Sand\"\n\t\trel=\"bookmark\"\n\t\tclass=\"tribe-events-widget-events-list__event-title-link tribe-common-anchor-thin\"\n\t>\n\t\tF\u00f6rel\u00e4sning &#8221;Mig \u00e4ger ingen&#8221; med Loui Sand\t<\/a>\n<\/h3>\n\t\t\t\t<\/header>\n\n\t\t\t\t\n\t\t\t<\/div>\n\t\t<\/article>\n\t<\/div>\n\n<\/div>\n\t\t\t\t\t\t\t\t\t\t\t<div  class=\"tribe-common-g-row tribe-events-widget-events-list__event-row\" >\n\n\t<div class=\"tribe-events-widget-events-list__event-date-tag tribe-common-g-col\">\n\t<time class=\"tribe-events-widget-events-list__event-date-tag-datetime\" datetime=\"2026-05-26\">\n\t\t<span class=\"tribe-events-widget-events-list__event-date-tag-month\">\n\t\t\tMay\t\t<\/span>\n\t\t<span class=\"tribe-events-widget-events-list__event-date-tag-daynum tribe-common-h2 tribe-common-h4--min-medium\">\n\t\t\t26\t\t<\/span>\n\t<\/time>\n<\/div>\n\n\t<div class=\"tribe-events-widget-events-list__event-wrapper tribe-common-g-col\">\n\t\t<article  class=\"tribe-events-widget-events-list__event post-403 tribe_events type-tribe_events status-publish hentry\" >\n\t\t\t<div class=\"tribe-events-widget-events-list__event-details\">\n\n\t\t\t\t<header class=\"tribe-events-widget-events-list__event-header\">\n\t\t\t\t\t<div class=\"tribe-events-widget-events-list__event-datetime-wrapper tribe-common-b2 tribe-common-b3--min-medium\">\n\t\t<time class=\"tribe-events-widget-events-list__event-datetime\" datetime=\"2026-05-26\">\n\t\t<span class=\"tribe-event-date-start\">19:00<\/span> &#8211; <span class=\"tribe-event-time\">21:30<\/span>\t<\/time>\n\t<\/div>\n\t\t\t\t\t<h3 class=\"tribe-events-widget-events-list__event-title tribe-common-h7\">\n\t<a\n\t\thref=\"https:\/\/kristianstadpride.se\/en\/event\/forelasning-filmnisvning-hbtq-skildringar-pa-gott-och-ont-i-filmhistorien\/\"\n\t\ttitle=\"F\u00f6rel\u00e4sning\/filmvisning HBTQ-skildringar p\u00e5 gott och ont i filmhistorien\"\n\t\trel=\"bookmark\"\n\t\tclass=\"tribe-events-widget-events-list__event-title-link tribe-common-anchor-thin\"\n\t>\n\t\tF\u00f6rel\u00e4sning\/filmvisning HBTQ-skildringar p\u00e5 gott och ont i filmhistorien\t<\/a>\n<\/h3>\n\t\t\t\t<\/header>\n\n\t\t\t\t\n\t\t\t<\/div>\n\t\t<\/article>\n\t<\/div>\n\n<\/div>\n\t\t\t\t\t\t\t\t\t\t\t<div  class=\"tribe-common-g-row tribe-events-widget-events-list__event-row\" >\n\n\t<div class=\"tribe-events-widget-events-list__event-date-tag tribe-common-g-col\">\n\t<time class=\"tribe-events-widget-events-list__event-date-tag-datetime\" datetime=\"2026-05-28\">\n\t\t<span class=\"tribe-events-widget-events-list__event-date-tag-month\">\n\t\t\tMay\t\t<\/span>\n\t\t<span class=\"tribe-events-widget-events-list__event-date-tag-daynum tribe-common-h2 tribe-common-h4--min-medium\">\n\t\t\t28\t\t<\/span>\n\t<\/time>\n<\/div>\n\n\t<div class=\"tribe-events-widget-events-list__event-wrapper tribe-common-g-col\">\n\t\t<article  class=\"tribe-events-widget-events-list__event post-408 tribe_events type-tribe_events status-publish hentry\" >\n\t\t\t<div class=\"tribe-events-widget-events-list__event-details\">\n\n\t\t\t\t<header class=\"tribe-events-widget-events-list__event-header\">\n\t\t\t\t\t<div class=\"tribe-events-widget-events-list__event-datetime-wrapper tribe-common-b2 tribe-common-b3--min-medium\">\n\t\t<time class=\"tribe-events-widget-events-list__event-datetime\" datetime=\"2026-05-28\">\n\t\t<span class=\"tribe-event-date-start\">18:00<\/span> &#8211; <span class=\"tribe-event-time\">19:30<\/span>\t<\/time>\n\t<\/div>\n\t\t\t\t\t<h3 class=\"tribe-events-widget-events-list__event-title tribe-common-h7\">\n\t<a\n\t\thref=\"https:\/\/kristianstadpride.se\/en\/event\/hiv-bade-da-och-nu-positiva-gruppen-syd\/\"\n\t\ttitle=\"Positiva gruppen Syd &#8211; HIV, b\u00e5de d\u00e5 och nu\"\n\t\trel=\"bookmark\"\n\t\tclass=\"tribe-events-widget-events-list__event-title-link tribe-common-anchor-thin\"\n\t>\n\t\tPositiva gruppen Syd &#8211; HIV, b\u00e5de d\u00e5 och nu\t<\/a>\n<\/h3>\n\t\t\t\t<\/header>\n\n\t\t\t\t\n\t\t\t<\/div>\n\t\t<\/article>\n\t<\/div>\n\n<\/div>\n\t\t\t\t\t\t\t\t\t\t\t<div  class=\"tribe-common-g-row tribe-events-widget-events-list__event-row\" >\n\n\t<div class=\"tribe-events-widget-events-list__event-date-tag tribe-common-g-col\">\n\t<time class=\"tribe-events-widget-events-list__event-date-tag-datetime\" datetime=\"2026-05-29\">\n\t\t<span class=\"tribe-events-widget-events-list__event-date-tag-month\">\n\t\t\tMay\t\t<\/span>\n\t\t<span class=\"tribe-events-widget-events-list__event-date-tag-daynum tribe-common-h2 tribe-common-h4--min-medium\">\n\t\t\t29\t\t<\/span>\n\t<\/time>\n<\/div>\n\n\t<div class=\"tribe-events-widget-events-list__event-wrapper tribe-common-g-col\">\n\t\t<article  class=\"tribe-events-widget-events-list__event post-412 tribe_events type-tribe_events status-publish hentry\" >\n\t\t\t<div class=\"tribe-events-widget-events-list__event-details\">\n\n\t\t\t\t<header class=\"tribe-events-widget-events-list__event-header\">\n\t\t\t\t\t<div class=\"tribe-events-widget-events-list__event-datetime-wrapper tribe-common-b2 tribe-common-b3--min-medium\">\n\t\t<time class=\"tribe-events-widget-events-list__event-datetime\" datetime=\"2026-05-29\">\n\t\t<span class=\"tribe-event-date-start\">18:00<\/span> &#8211; <span class=\"tribe-event-time\">20:00<\/span>\t<\/time>\n\t<\/div>\n\t\t\t\t\t<h3 class=\"tribe-events-widget-events-list__event-title tribe-common-h7\">\n\t<a\n\t\thref=\"https:\/\/kristianstadpride.se\/en\/event\/ann-christine-ruuth-man-kvinna-och-allt-daremellan\/\"\n\t\ttitle=\"Ann-Christine Ruuth \u2013  Man, kvinna och allt d\u00e4remellan\"\n\t\trel=\"bookmark\"\n\t\tclass=\"tribe-events-widget-events-list__event-title-link tribe-common-anchor-thin\"\n\t>\n\t\tAnn-Christine Ruuth \u2013  Man, kvinna och allt d\u00e4remellan\t<\/a>\n<\/h3>\n\t\t\t\t<\/header>\n\n\t\t\t\t\n\t\t\t<\/div>\n\t\t<\/article>\n\t<\/div>\n\n<\/div>\n\t\t\t\t\t\t\t\t\t<\/div>\n\n\t\t\t\t<div class=\"tribe-events-widget-events-list__view-more tribe-common-b1 tribe-common-b2--min-medium\">\n\t<a\n\t\thref=\"https:\/\/kristianstadpride.se\/en\/events\/\"\n\t\tclass=\"tribe-events-widget-events-list__view-more-link tribe-common-anchor-thin\"\n\t\ttitle=\"View more events.\"\n\t>\n\t\tView Calendar\t<\/a>\n<\/div>\n\n\t\t\t\t\t<\/div>\n\t<\/div>\n<\/div>\n<script data-js='tribe-events-view-nonce-data' type='application\/json'>{\"tvn1\":\"cf886f3e2f\",\"tvn2\":\"\"}<\/script>\n<\/div>\n","protected":false},"excerpt":{"rendered":"<p>Program f\u00f6r Prideveckan Barbacka Pre-Pride Datum: L\u00f6rdag 23 majTid: 11.00-14.00&nbsp;Plats: Kabinettet &amp; Atelj\u00e9n p\u00e5 Kulturhuset Barbacka\u00c5ldersgr\u00e4ns: 13 &#8211; 20 \u00e5rPedagoger: Tove M\u00f6ller &amp; Emma EkstamKom och g\u00f6r din egen Pride-Vimpel [&hellip;]<\/p>\n","protected":false},"author":1,"featured_media":0,"parent":0,"menu_order":0,"comment_status":"closed","ping_status":"closed","template":"page-with-title","meta":{"_monsterinsights_skip_tracking":false,"_monsterinsights_sitenote_active":false,"_monsterinsights_sitenote_note":"","_monsterinsights_sitenote_category":0,"_price":"","_stock":"","_tribe_ticket_header":"","_tribe_default_ticket_provider":"","_tribe_ticket_capacity":"","_ticket_start_date":"","_ticket_end_date":"","_tribe_ticket_show_description":"","_tribe_ticket_show_not_going":false,"_tribe_ticket_use_global_stock":"","_tribe_ticket_global_stock_level":"","_global_stock_mode":"","_global_stock_cap":"","_tribe_rsvp_for_event":"","_tribe_ticket_going_count":"","_tribe_ticket_not_going_count":"","_tribe_tickets_list":"[]","_tribe_ticket_has_attendee_info_fields":false,"_EventAllDay":false,"_EventTimezone":"","_EventStartDate":"","_EventEndDate":"","_EventStartDateUTC":"","_EventEndDateUTC":"","_EventShowMap":false,"_EventShowMapLink":false,"_EventURL":"","_EventCost":"","_EventCostDescription":"","_EventCurrencySymbol":"","_EventCurrencyCode":"","_EventCurrencyPosition":"","_EventDateTimeSeparator":"","_EventTimeRangeSeparator":"","_EventOrganizerID":[],"_EventVenueID":[],"_OrganizerEmail":"","_OrganizerPhone":"","_OrganizerWebsite":"","_VenueAddress":"","_VenueCity":"","_VenueCountry":"","_VenueProvince":"","_VenueState":"","_VenueZip":"","_VenuePhone":"","_VenueURL":"","_VenueStateProvince":"","_VenueLat":"","_VenueLng":"","_VenueShowMap":false,"_VenueShowMapLink":false,"footnotes":""},"class_list":["post-35","page","type-page","status-publish","hentry"],"aioseo_notices":[],"_links":{"self":[{"href":"https:\/\/kristianstadpride.se\/en\/wp-json\/wp\/v2\/pages\/35","targetHints":{"allow":["GET"]}}],"collection":[{"href":"https:\/\/kristianstadpride.se\/en\/wp-json\/wp\/v2\/pages"}],"about":[{"href":"https:\/\/kristianstadpride.se\/en\/wp-json\/wp\/v2\/types\/page"}],"author":[{"embeddable":true,"href":"https:\/\/kristianstadpride.se\/en\/wp-json\/wp\/v2\/users\/1"}],"replies":[{"embeddable":true,"href":"https:\/\/kristianstadpride.se\/en\/wp-json\/wp\/v2\/comments?post=35"}],"version-history":[{"count":37,"href":"https:\/\/kristianstadpride.se\/en\/wp-json\/wp\/v2\/pages\/35\/revisions"}],"predecessor-version":[{"id":383,"href":"https:\/\/kristianstadpride.se\/en\/wp-json\/wp\/v2\/pages\/35\/revisions\/383"}],"wp:attachment":[{"href":"https:\/\/kristianstadpride.se\/en\/wp-json\/wp\/v2\/media?parent=35"}],"curies":[{"name":"wp","href":"https:\/\/api.w.org\/{rel}","templated":true}]}}